{"id":489,"date":"2024-08-17T19:29:08","date_gmt":"2024-08-17T19:29:08","guid":{"rendered":"https:\/\/robertabridda.com\/?page_id=489"},"modified":"2025-12-09T20:16:19","modified_gmt":"2025-12-09T20:16:19","slug":"about","status":"publish","type":"page","link":"https:\/\/robertabridda.com\/?page_id=489","title":{"rendered":"about"},"content":{"rendered":"<div class=\"wp-block-image\">\n<figure class=\"alignleft size-large is-resized\"><img loading=\"lazy\" decoding=\"async\" width=\"1024\" height=\"920\" src=\"https:\/\/robertabridda.com\/wp-content\/uploads\/2025\/08\/ritratto-rob-bn-1024x920.jpg\" alt=\"\" class=\"wp-image-543\" style=\"width:360px;height:auto\" srcset=\"https:\/\/robertabridda.com\/wp-content\/uploads\/2025\/08\/ritratto-rob-bn-1024x920.jpg 1024w, https:\/\/robertabridda.com\/wp-content\/uploads\/2025\/08\/ritratto-rob-bn-300x269.jpg 300w, https:\/\/robertabridda.com\/wp-content\/uploads\/2025\/08\/ritratto-rob-bn-768x690.jpg 768w, https:\/\/robertabridda.com\/wp-content\/uploads\/2025\/08\/ritratto-rob-bn.jpg 1384w\" sizes=\"auto, (max-width: 1024px) 100vw, 1024px\" \/><\/figure>\n<\/div>\n\n\n<p class=\"p1\"><span class=\"s1\">ENG<\/span><\/p>\n<p class=\"p1\"><span class=\"s1\" style=\"color: #333333;\">Born in Belluno (Italy), since 2005 she has been living and working in Barcelona (Spain) as an illustrator, bookbinder, and art teacher.<br \/>She graduated in Architecture from IUAV (Istituto Universitario di Architettura di Venezia) and trained in bookbinding and printmaking techniques at the Scuola Internazionale di Grafica in Venice, as well as in other institutions in Italy and abroad.<\/span><\/p>\n<p class=\"p1\"><span class=\"s1\" style=\"color: #333333;\">Since 2015, she has been working as a part-time lecturer in the Department of Applied Didactics at the Faculty of Education of the University of Barcelona (UB), while also collaborating with various art schools and educational institutions in Catalonia. Abroad, she has carried out teaching and workshop activities in the Netherlands, Finland and the Czech Republic.<\/span><\/p>\n<p class=\"p1\"><span class=\"s1\" style=\"color: #333333;\">Alongside her teaching, she develops research and artistic experimentation projects focused on the tactile illustrated book and the creation of educational materials for inclusive access to reading. She collaborates in projects as <i>Contatto. Crescere comunit\u00e0 che legge<\/i> (Start Association, Ariccia) and with institutions such as the National Federation of Institutions for the Blind (Italy) and the MAXXI \u2013 National Museum of 21st Century Arts in Rome.<\/span><\/p>\n<p class=\"p1\"><span class=\"s1\" style=\"color: #333333;\">She is the author of the book <i>ABC. I primi passi per la realizzazione di un libro tattile illustrato<\/i> (Start Edizioni), which led to the creation of the Italian accredited annual course <i>ABC. Theory and Practice of the Tactile Illustrated Book<\/i>.<\/span><\/p>\n<p class=\"p1\"><span class=\"s1\" style=\"color: #333333;\">Between 2021 and 2023, she completed a Master\u2019s in Interdisciplinary Arts Education at the University of Barcelona (UB), and since 2023 she has been pursuing a PhD in the \u201cInnovation and Educational Intervention\u201d program at the University of Vic (UVIC-UCC), with a research focused on the tactile illustrated book and its educational applications.<\/span><\/p>\n<p class=\"p1\"><span class=\"s1\" style=\"color: #808080;\">ITA<\/span><\/p>\n<p class=\"p3\"><span class=\"s1\" style=\"color: #808080;\">Nata a Belluno (Italia), dal 2005 vive e lavora a Barcellona (Spagna) come illustratrice, rilegatrice e docente in ambito artistico.<br \/>\u00c8 laureata in Architettura presso lo IUAV di Venezia e si \u00e8 formata in legatoria e tecniche di stampa presso la Scuola Internazionale di Grafica di Venezia e altri centri in Italia e all\u2019estero.<\/span><\/p>\n<p class=\"p3\"><span class=\"s1\" style=\"color: #808080;\">Dal 2015 \u00e8 docente part-time presso il Dipartimento di Didattiche Applicate della Facolt\u00e0 di Educazione dell\u2019Universit\u00e0 di Barcellona (UB), collaborando contemporaneamente con numerose scuole d\u2019arte e istituzioni educative catalane. All\u2019estero ha svolto attivit\u00e0 didattiche e laboratoriali nei Paesi Bassi, in Finlandia e Repubblica Ceca.<\/span><\/p>\n<p class=\"p3\"><span class=\"s1\" style=\"color: #808080;\">Parallelamente sviluppa progetti di ricerca e sperimentazione sul libro tattile illustrato e sulla creazione di materiali didattici per l\u2019accesso inclusivo alla lettura, partecipando a progetti come <i>Contatto. Crescere comunit\u00e0 che legge<\/i> (Associazione Start, Ariccia) e collaborando con enti come la Federazione Nazionale delle Istituzioni Pro Ciechi Onlus e il Museo MAXXI di Roma.<\/span><\/p>\n<p class=\"p3\"><span class=\"s1\" style=\"color: #808080;\">\u00c8 autrice del libro <i>ABC. I primi passi per la realizzazione di un libro tattile illustrato<\/i> (Start Edizioni), da cui \u00e8 nato il corso annuale accreditato <i>ABC. Teoria e pratica del libro tattile illustrato<\/i>.<\/span><\/p>\n<p class=\"p3\"><span class=\"s1\" style=\"color: #808080;\">Tra il 2021 e il 2023 frequenta il Master in Educazione Interdisciplinare delle Arti presso l\u2019Universit\u00e0 di Barcellona (UB) e dal 2023 intraprende il dottorato di ricerca nel programma \u201cInnovazione e Intervenzione Educativa\u201d dell\u2019Universit\u00e0 di Vic (UVIC-UCC), con una tesi dedicata al libro tattile illustrato e alle sue applicazioni didattiche.<\/span><\/p>\n<p class=\"p1\"><span class=\"s1\" style=\"color: #333333;\">SPA<\/span><\/p>\n<p class=\"p1\"><span class=\"s1\" style=\"color: #333333;\">Nacida en Belluno (Italia), desde 2005 vive y trabaja en Barcelona (Espa\u00f1a) como ilustradora, encuadernadora y docente en el \u00e1mbito art\u00edstico.<br \/>Es licenciada en Arquitectura por la universidad IUAV de Venecia formandose paralelamente en encuadernaci\u00f3n y t\u00e9cnicas de estampaci\u00f3n en la <i>Scuola Internazionale di Grafica de Venecia<\/i>, as\u00ed como en otros centros a Italia y al extranjero.<\/span><\/p>\n<p class=\"p1\"><span class=\"s1\" style=\"color: #333333;\">Desde 2015 es profesora asociada en el Departamento de Did\u00e1cticas Aplicadas de la Facultad de Educaci\u00f3n de la Universidad de Barcelona (UB), colaborando al mismo tiempo con diversas escuelas de arte e instituciones educativas catalanas. A nivel internacional, ha desarrollado actividades docentes y talleres en Italia, Pa\u00edses Bajos, Finlandia y la Rep\u00fablica Checa.<\/span><\/p>\n<p class=\"p1\"><span class=\"s1\" style=\"color: #333333;\">Paralelamente, desarrolla proyectos de investigaci\u00f3n y experimentaci\u00f3n art\u00edstica sobre el libro t\u00e1ctil ilustrado y la creaci\u00f3n de materiales educativos para el acceso inclusivo a la lectura, colaborando en proyectos como <i>Contatto. Crescere comunit\u00e0 che legge<\/i> (Asociaci\u00f3n Start, Ariccia), as\u00ed como con entidades como la Federaci\u00f3n Nacional de Instituciones Pro Ciegos Onlus y el Museo MAXXI de Roma.<\/span><\/p>\n<p class=\"p1\"><span class=\"s1\" style=\"color: #333333;\">Es autora del libro <i>ABC. I primi passi per la realizzazione di un libro tattile illustrato<\/i> (Start Edizioni), que ha dado origen al curso italiano anual acreditado <i>ABC. Teor\u00eda y pr\u00e1ctica del libro t\u00e1ctil ilustrado<\/i>.<\/span><\/p>\n<p class=\"p1\"><span class=\"s1\" style=\"color: #333333;\">Entre 2021 y 2023 cursa el M\u00e1ster en Educaci\u00f3n Interdisciplinaria de las Artes en la Universidad de Barcelona (UB) y, desde 2023, empieza el doctorado en el programa <i>Innovaci\u00f3n e Intervenci\u00f3n Educativa<\/i> de la Universidad de Vic (UVIC-UCC), con una tesis dedicada al libro t\u00e1ctil ilustrado y sus aplicaciones did\u00e1cticas.<\/span><\/p>\n\n\n\n\n\n<div class=\"wp-block-columns\">\u00a0<\/div>\n<p>\u00a0<\/p>\n\n\n\n\n","protected":false},"excerpt":{"rendered":"<p>ENG Born in Belluno (Italy), since 2005 she has been living and working in Barcelona (Spain) as an illustrator, bookbinder, and art teacher.She graduated in Architecture from IUAV (Istituto Universitario di Architettura di Venezia) and trained in bookbinding and printmaking techniques at the Scuola Internazionale di Grafica in Venice, as well as in other institutions<\/p>\n<p class=\"more-link-wrapper\"><a href=\"https:\/\/robertabridda.com\/?page_id=489\" class=\"more-link\">Seguir leyendo<span class=\"screen-reader-text\"> \u00ababout\u00bb<\/span><\/a><\/p>\n","protected":false},"author":1,"featured_media":0,"parent":0,"menu_order":0,"comment_status":"closed","ping_status":"closed","template":"","meta":{"footnotes":""},"class_list":["post-489","page","type-page","status-publish","hentry"],"_links":{"self":[{"href":"https:\/\/robertabridda.com\/index.php?rest_route=\/wp\/v2\/pages\/489","targetHints":{"allow":["GET"]}}],"collection":[{"href":"https:\/\/robertabridda.com\/index.php?rest_route=\/wp\/v2\/pages"}],"about":[{"href":"https:\/\/robertabridda.com\/index.php?rest_route=\/wp\/v2\/types\/page"}],"author":[{"embeddable":true,"href":"https:\/\/robertabridda.com\/index.php?rest_route=\/wp\/v2\/users\/1"}],"replies":[{"embeddable":true,"href":"https:\/\/robertabridda.com\/index.php?rest_route=%2Fwp%2Fv2%2Fcomments&post=489"}],"version-history":[{"count":7,"href":"https:\/\/robertabridda.com\/index.php?rest_route=\/wp\/v2\/pages\/489\/revisions"}],"predecessor-version":[{"id":548,"href":"https:\/\/robertabridda.com\/index.php?rest_route=\/wp\/v2\/pages\/489\/revisions\/548"}],"wp:attachment":[{"href":"https:\/\/robertabridda.com\/index.php?rest_route=%2Fwp%2Fv2%2Fmedia&parent=489"}],"curies":[{"name":"wp","href":"https:\/\/api.w.org\/{rel}","templated":true}]}}